{"id":42235,"date":"2024-10-16T08:37:38","date_gmt":"2024-10-16T07:37:38","guid":{"rendered":"https:\/\/zff.hr\/?post_type=movies&#038;p=42235"},"modified":"2024-10-16T17:52:48","modified_gmt":"2024-10-16T16:52:48","slug":"the-man-who-could-not-remain-silent","status":"publish","type":"movies","link":"https:\/\/2024.zff.hr\/en\/movies\/the-man-who-could-not-remain-silent\/","title":{"rendered":"The Man Who Could Not Remain Silent"},"content":{"rendered":"<p><a href=\"https:\/\/2024.zff.hr\/wp-content\/uploads\/2024\/10\/dhfa-logo-300x155.jpg\"><img loading=\"lazy\" decoding=\"async\" class=\"aligncenter wp-image-42369\" src=\"data:image\/gif;base64,R0lGODdhAQABAPAAAP\/\/\/wAAACwAAAAAAQABAEACAkQBADs=\" data-lazy-src=\"https:\/\/2024.zff.hr\/wp-content\/uploads\/2024\/10\/dhfa-logo-300x155.jpg\" alt=\"\" width=\"155\" height=\"80\" data-lazy-srcset=\"https:\/\/2024.zff.hr\/wp-content\/uploads\/2024\/10\/dhfa-logo-300x155.jpg 300w, https:\/\/2024.zff.hr\/wp-content\/uploads\/2024\/10\/dhfa-logo-768x398.jpg 768w, https:\/\/2024.zff.hr\/wp-content\/uploads\/2024\/10\/dhfa-logo-160x83.jpg 160w, https:\/\/2024.zff.hr\/wp-content\/uploads\/2024\/10\/dhfa-logo.jpg 900w\" data-lazy-sizes=\"(max-width: 155px) 100vw, 155px\" \/><noscript><img loading=\"lazy\" decoding=\"async\" class=\"aligncenter wp-image-42369\" src=\"https:\/\/2024.zff.hr\/wp-content\/uploads\/2024\/10\/dhfa-logo-300x155.jpg\" alt=\"\" width=\"155\" height=\"80\" srcset=\"https:\/\/2024.zff.hr\/wp-content\/uploads\/2024\/10\/dhfa-logo-300x155.jpg 300w, https:\/\/2024.zff.hr\/wp-content\/uploads\/2024\/10\/dhfa-logo-768x398.jpg 768w, https:\/\/2024.zff.hr\/wp-content\/uploads\/2024\/10\/dhfa-logo-160x83.jpg 160w, https:\/\/2024.zff.hr\/wp-content\/uploads\/2024\/10\/dhfa-logo.jpg 900w\" sizes=\"(max-width: 155px) 100vw, 155px\" \/><\/noscript><br \/>\n<\/a><\/p>\n<p><span style=\"color: #00ccff;\">&#8211; OUT OF COMPETITION &#8211;<\/span><\/p>\n<p><span style=\"font-weight: 400;\">February 27, 1993, Strpci, Bosnia and Herzegovina. A passenger train from Belgrade to Bar is stopped by paramilitary forces in an ethnic cleansing operation. As they haul off innocent civilians, only one man out of 500 passengers dares to stand up to them. This is the true story of a man who could not remain silent. Winner of the Palme D&#8217;Or for Best Short Film in Cannes and the first Croatian winner of this prestigious recognition since Croatian independence.<\/span><\/p>\n<div class=\"embed-responsive\">\n<div class=\"videoEmbed\"><iframe loading=\"lazy\" class=\"embed-responsive-item\"   title=\"THE MAN WHO COULD NOT REMAIN SILENT **Cannes Palme d&#039;Or winner**| Neboj\u0161a Slijep\u010devi\u0107 | teaser\" width=\"500\" height=\"281\" src=\"https:\/\/www.youtube.com\/embed\/Z8wvulyrdC8?feature=oembed\" frameborder=\"0\" allow=\"accelerometer; autoplay; clipboard-write; encrypted-media; gyroscope; picture-in-picture; web-share\" referrerpolicy=\"strict-origin-when-cross-origin\" allowfullscreen><\/iframe><\/div>\n<\/div>\n","protected":false},"excerpt":{"rendered":"<p>&#8211; OUT OF COMPETITION &#8211; February 27, 1993, Strpci, Bosnia and Herzegovina. A passenger train from Belgrade to Bar is stopped by paramilitary forces in an ethnic cleansing operation. As they haul off innocent civilians, only one man out of 500 passengers dares to stand up to them. This is the true story of a<\/p>\n","protected":false},"author":1,"featured_media":42230,"template":"","programme":[10],"class_list":["post-42235","movies","type-movies","status-publish","has-post-thumbnail","hentry","programme-checkers","location-kino-kinoteka"],"acf":[],"aioseo_notices":[],"acf_fields":{"accessible_screenings":false,"competition":false,"overlay":"","featured_image":{"image":42232,"overlay":""},"free_entry":false,"movie_name":"\u010covjek koji nije mogao \u0161utjeti","country":"Croatia, Bulgaria, France, Slovenia","year":"20","duration":"13'","director":"Neboj\u0161a Slijep\u010devi\u0107","writer":"Neboj\u0161a Slijep\u010devi\u0107","cast":"Goran Bogdan, Alexis Manenti, Dragan Mi\u0107anovi\u0107, Silvio Mumela\u0161, Lara Neki\u0107, Priska Ugrina, Du\u0161an Goji\u0107, Neboj\u0161a Pop Tasi\u0107, Mijo Pavelko, Martin Kuhar, Jakov Zovko, Robert Ugrina","photography":"Gregor Bo\u017ei\u010d","montage":"Tomislav Stojanovi\u0107","producer":"Katarina Prpi\u0107, Danijel Pek, Katya Trichkova, No\u00eblle L\u00e9v\u00e9nez, Bo\u0161tjan Virc","production":"Antitalent, Contrast Films, Les Films Norfolk, Studio Virc","festivals_awards":"Cannes Film Festival \u2013 Palme D'Or for Best Short Film; Curtas Vila Do Conde; Pula Film Festival; Sarajevo Film Festival","director_description":"<p><span style=\"font-weight: 400;\">Neboj\u0161a Slijep\u010devi\u0107 (Zagreb, 1973) is a Croatian film director and the first ever Croatian winner of the Golden Palm. He graduated in film direction from ADU. He directed a number of successful and award-winning feature and short films (<\/span><i><span style=\"font-weight: 400;\">Gangster of Love<\/span><\/i><span style=\"font-weight: 400;\">, <\/span><i><span style=\"font-weight: 400;\">Srbenka<\/span><\/i><span style=\"font-weight: 400;\">, <\/span><i><span style=\"font-weight: 400;\">Real Man\u2019s Film<\/span><\/i><span style=\"font-weight: 400;\">, <\/span><i><span style=\"font-weight: 400;\">Something About Life<\/span><\/i><span style=\"font-weight: 400;\">) which were shown at prestigious festivals worldwide. He won a number of awards for his work, including four awards at the Sarajevo Film Festival and the national Vladimir Nazor Award for Best Film (<\/span><i><span style=\"font-weight: 400;\">Srbenka<\/span><\/i><span style=\"font-weight: 400;\">). He works as a lecturer and mentor at Restart\u2019s School of Documentary Film.<\/span><\/p>\n<p><a href=\"https:\/\/2024.zff.hr\/wp-content\/uploads\/2024\/10\/Nebojsa-Slijepcevic-by-Sanja-Bistricic-scaled.jpeg\"><img loading=\"lazy\" decoding=\"async\" class=\"aligncenter size-medium wp-image-42234\" src=\"https:\/\/2024.zff.hr\/wp-content\/uploads\/2024\/10\/Nebojsa-Slijepcevic-by-Sanja-Bistricic-200x300.jpeg\" alt=\"\" width=\"200\" height=\"300\" srcset=\"https:\/\/2024.zff.hr\/wp-content\/uploads\/2024\/10\/Nebojsa-Slijepcevic-by-Sanja-Bistricic-200x300.jpeg 200w, https:\/\/2024.zff.hr\/wp-content\/uploads\/2024\/10\/Nebojsa-Slijepcevic-by-Sanja-Bistricic-683x1024.jpeg 683w, https:\/\/2024.zff.hr\/wp-content\/uploads\/2024\/10\/Nebojsa-Slijepcevic-by-Sanja-Bistricic-768x1152.jpeg 768w, https:\/\/2024.zff.hr\/wp-content\/uploads\/2024\/10\/Nebojsa-Slijepcevic-by-Sanja-Bistricic-1024x1536.jpeg 1024w, https:\/\/2024.zff.hr\/wp-content\/uploads\/2024\/10\/Nebojsa-Slijepcevic-by-Sanja-Bistricic-1365x2048.jpeg 1365w, https:\/\/2024.zff.hr\/wp-content\/uploads\/2024\/10\/Nebojsa-Slijepcevic-by-Sanja-Bistricic-107x160.jpeg 107w, https:\/\/2024.zff.hr\/wp-content\/uploads\/2024\/10\/Nebojsa-Slijepcevic-by-Sanja-Bistricic-scaled.jpeg 1707w\" sizes=\"(max-width: 200px) 100vw, 200px\" \/><\/a><\/p>\n","projections":[{"date":"08\/11\/2024 9:30 pm","location":{"term_id":215,"name":"Kino Kinoteka","slug":"kino-kinoteka-2","term_group":0,"term_taxonomy_id":215,"taxonomy":"location","description":"","parent":0,"count":30,"filter":"raw","term_order":"0"},"ticket_url":"","sold_out":false,"sold_out_text":"","online_url":"","online_text":""}],"image":42232,"gallery":[{"ID":42230,"id":42230,"title":"\u010covjek koji nije mogao \u0161utjeti_6","filename":"Covjek-koji-nije-mogao-sutjeti_6.png","filesize":38651975,"url":"https:\/\/2024.zff.hr\/wp-content\/uploads\/2024\/10\/Covjek-koji-nije-mogao-sutjeti_6.png","link":"https:\/\/2024.zff.hr\/en\/movies\/the-man-who-could-not-remain-silent\/covjek-koji-nije-mogao-sutjeti_6-2\/","alt":"","author":"1","description":"","caption":"","name":"covjek-koji-nije-mogao-sutjeti_6-2","status":"inherit","uploaded_to":42235,"date":"2024-10-10 18:43:43","modified":"2024-10-10 18:50:18","menu_order":0,"mime_type":"image\/png","type":"image","subtype":"png","icon":"https:\/\/2024.zff.hr\/wp-includes\/images\/media\/default.png","width":4448,"height":3096,"sizes":{"thumbnail":"https:\/\/2024.zff.hr\/wp-content\/uploads\/2024\/10\/Covjek-koji-nije-mogao-sutjeti_6-150x150.png","thumbnail-width":150,"thumbnail-height":150,"medium":"https:\/\/2024.zff.hr\/wp-content\/uploads\/2024\/10\/Covjek-koji-nije-mogao-sutjeti_6-300x209.png","medium-width":300,"medium-height":209,"medium_large":"https:\/\/2024.zff.hr\/wp-content\/uploads\/2024\/10\/Covjek-koji-nije-mogao-sutjeti_6-768x535.png","medium_large-width":768,"medium_large-height":535,"large":"https:\/\/2024.zff.hr\/wp-content\/uploads\/2024\/10\/Covjek-koji-nije-mogao-sutjeti_6-1024x713.png","large-width":1024,"large-height":713,"1536x1536":"https:\/\/2024.zff.hr\/wp-content\/uploads\/2024\/10\/Covjek-koji-nije-mogao-sutjeti_6-1536x1069.png","1536x1536-width":1536,"1536x1536-height":1069,"2048x2048":"https:\/\/2024.zff.hr\/wp-content\/uploads\/2024\/10\/Covjek-koji-nije-mogao-sutjeti_6-2048x1425.png","2048x2048-width":2048,"2048x2048-height":1425,"post-thumbnail":"https:\/\/2024.zff.hr\/wp-content\/uploads\/2024\/10\/Covjek-koji-nije-mogao-sutjeti_6-510x330.png","post-thumbnail-width":510,"post-thumbnail-height":330,"thumb_full":"https:\/\/2024.zff.hr\/wp-content\/uploads\/2024\/10\/Covjek-koji-nije-mogao-sutjeti_6.png","thumb_full-width":4448,"thumb_full-height":3096,"thumb_hd":"https:\/\/2024.zff.hr\/wp-content\/uploads\/2024\/10\/Covjek-koji-nije-mogao-sutjeti_6-1920x1080.png","thumb_hd-width":1920,"thumb_hd-height":1080,"thumb_news":"https:\/\/2024.zff.hr\/wp-content\/uploads\/2024\/10\/Covjek-koji-nije-mogao-sutjeti_6-360x290.png","thumb_news-width":360,"thumb_news-height":290,"thumb_news_featured":"https:\/\/2024.zff.hr\/wp-content\/uploads\/2024\/10\/Covjek-koji-nije-mogao-sutjeti_6-360x620.png","thumb_news_featured-width":360,"thumb_news_featured-height":620,"thumb_movie_reel":"https:\/\/2024.zff.hr\/wp-content\/uploads\/2024\/10\/Covjek-koji-nije-mogao-sutjeti_6-290x380.png","thumb_movie_reel-width":290,"thumb_movie_reel-height":380,"thumb_movie":"https:\/\/2024.zff.hr\/wp-content\/uploads\/2024\/10\/Covjek-koji-nije-mogao-sutjeti_6-960x500.png","thumb_movie-width":960,"thumb_movie-height":500,"thumb_gallery":"https:\/\/2024.zff.hr\/wp-content\/uploads\/2024\/10\/Covjek-koji-nije-mogao-sutjeti_6-220x140.png","thumb_gallery-width":220,"thumb_gallery-height":140,"thumb_sponsor":"https:\/\/2024.zff.hr\/wp-content\/uploads\/2024\/10\/Covjek-koji-nije-mogao-sutjeti_6-160x111.png","thumb_sponsor-width":160,"thumb_sponsor-height":111}},{"ID":42228,"id":42228,"title":"\u010covjek koji nije mogao \u0161utjeti_5","filename":"Covjek-koji-nije-mogao-sutjeti_5.png","filesize":35135646,"url":"https:\/\/2024.zff.hr\/wp-content\/uploads\/2024\/10\/Covjek-koji-nije-mogao-sutjeti_5.png","link":"https:\/\/2024.zff.hr\/en\/movies\/the-man-who-could-not-remain-silent\/covjek-koji-nije-mogao-sutjeti_5-2\/","alt":"","author":"1","description":"","caption":"","name":"covjek-koji-nije-mogao-sutjeti_5-2","status":"inherit","uploaded_to":42235,"date":"2024-10-10 18:43:21","modified":"2024-10-10 18:50:18","menu_order":0,"mime_type":"image\/png","type":"image","subtype":"png","icon":"https:\/\/2024.zff.hr\/wp-includes\/images\/media\/default.png","width":4448,"height":3096,"sizes":{"thumbnail":"https:\/\/2024.zff.hr\/wp-content\/uploads\/2024\/10\/Covjek-koji-nije-mogao-sutjeti_5-150x150.png","thumbnail-width":150,"thumbnail-height":150,"medium":"https:\/\/2024.zff.hr\/wp-content\/uploads\/2024\/10\/Covjek-koji-nije-mogao-sutjeti_5-300x209.png","medium-width":300,"medium-height":209,"medium_large":"https:\/\/2024.zff.hr\/wp-content\/uploads\/2024\/10\/Covjek-koji-nije-mogao-sutjeti_5-768x535.png","medium_large-width":768,"medium_large-height":535,"large":"https:\/\/2024.zff.hr\/wp-content\/uploads\/2024\/10\/Covjek-koji-nije-mogao-sutjeti_5-1024x713.png","large-width":1024,"large-height":713,"1536x1536":"https:\/\/2024.zff.hr\/wp-content\/uploads\/2024\/10\/Covjek-koji-nije-mogao-sutjeti_5-1536x1069.png","1536x1536-width":1536,"1536x1536-height":1069,"2048x2048":"https:\/\/2024.zff.hr\/wp-content\/uploads\/2024\/10\/Covjek-koji-nije-mogao-sutjeti_5-2048x1425.png","2048x2048-width":2048,"2048x2048-height":1425,"post-thumbnail":"https:\/\/2024.zff.hr\/wp-content\/uploads\/2024\/10\/Covjek-koji-nije-mogao-sutjeti_5-510x330.png","post-thumbnail-width":510,"post-thumbnail-height":330,"thumb_full":"https:\/\/2024.zff.hr\/wp-content\/uploads\/2024\/10\/Covjek-koji-nije-mogao-sutjeti_5.png","thumb_full-width":4448,"thumb_full-height":3096,"thumb_hd":"https:\/\/2024.zff.hr\/wp-content\/uploads\/2024\/10\/Covjek-koji-nije-mogao-sutjeti_5-1920x1080.png","thumb_hd-width":1920,"thumb_hd-height":1080,"thumb_news":"https:\/\/2024.zff.hr\/wp-content\/uploads\/2024\/10\/Covjek-koji-nije-mogao-sutjeti_5-360x290.png","thumb_news-width":360,"thumb_news-height":290,"thumb_news_featured":"https:\/\/2024.zff.hr\/wp-content\/uploads\/2024\/10\/Covjek-koji-nije-mogao-sutjeti_5-360x620.png","thumb_news_featured-width":360,"thumb_news_featured-height":620,"thumb_movie_reel":"https:\/\/2024.zff.hr\/wp-content\/uploads\/2024\/10\/Covjek-koji-nije-mogao-sutjeti_5-290x380.png","thumb_movie_reel-width":290,"thumb_movie_reel-height":380,"thumb_movie":"https:\/\/2024.zff.hr\/wp-content\/uploads\/2024\/10\/Covjek-koji-nije-mogao-sutjeti_5-960x500.png","thumb_movie-width":960,"thumb_movie-height":500,"thumb_gallery":"https:\/\/2024.zff.hr\/wp-content\/uploads\/2024\/10\/Covjek-koji-nije-mogao-sutjeti_5-220x140.png","thumb_gallery-width":220,"thumb_gallery-height":140,"thumb_sponsor":"https:\/\/2024.zff.hr\/wp-content\/uploads\/2024\/10\/Covjek-koji-nije-mogao-sutjeti_5-160x111.png","thumb_sponsor-width":160,"thumb_sponsor-height":111}},{"ID":42226,"id":42226,"title":"\u010covjek koji nije mogao \u0161utjeti_4","filename":"Covjek-koji-nije-mogao-sutjeti_4.png","filesize":35706670,"url":"https:\/\/2024.zff.hr\/wp-content\/uploads\/2024\/10\/Covjek-koji-nije-mogao-sutjeti_4.png","link":"https:\/\/2024.zff.hr\/en\/movies\/the-man-who-could-not-remain-silent\/covjek-koji-nije-mogao-sutjeti_4-2\/","alt":"","author":"1","description":"","caption":"","name":"covjek-koji-nije-mogao-sutjeti_4-2","status":"inherit","uploaded_to":42235,"date":"2024-10-10 18:42:59","modified":"2024-10-10 18:50:18","menu_order":0,"mime_type":"image\/png","type":"image","subtype":"png","icon":"https:\/\/2024.zff.hr\/wp-includes\/images\/media\/default.png","width":4448,"height":3096,"sizes":{"thumbnail":"https:\/\/2024.zff.hr\/wp-content\/uploads\/2024\/10\/Covjek-koji-nije-mogao-sutjeti_4-150x150.png","thumbnail-width":150,"thumbnail-height":150,"medium":"https:\/\/2024.zff.hr\/wp-content\/uploads\/2024\/10\/Covjek-koji-nije-mogao-sutjeti_4-300x209.png","medium-width":300,"medium-height":209,"medium_large":"https:\/\/2024.zff.hr\/wp-content\/uploads\/2024\/10\/Covjek-koji-nije-mogao-sutjeti_4-768x535.png","medium_large-width":768,"medium_large-height":535,"large":"https:\/\/2024.zff.hr\/wp-content\/uploads\/2024\/10\/Covjek-koji-nije-mogao-sutjeti_4-1024x713.png","large-width":1024,"large-height":713,"1536x1536":"https:\/\/2024.zff.hr\/wp-content\/uploads\/2024\/10\/Covjek-koji-nije-mogao-sutjeti_4-1536x1069.png","1536x1536-width":1536,"1536x1536-height":1069,"2048x2048":"https:\/\/2024.zff.hr\/wp-content\/uploads\/2024\/10\/Covjek-koji-nije-mogao-sutjeti_4-2048x1425.png","2048x2048-width":2048,"2048x2048-height":1425,"post-thumbnail":"https:\/\/2024.zff.hr\/wp-content\/uploads\/2024\/10\/Covjek-koji-nije-mogao-sutjeti_4-510x330.png","post-thumbnail-width":510,"post-thumbnail-height":330,"thumb_full":"https:\/\/2024.zff.hr\/wp-content\/uploads\/2024\/10\/Covjek-koji-nije-mogao-sutjeti_4.png","thumb_full-width":4448,"thumb_full-height":3096,"thumb_hd":"https:\/\/2024.zff.hr\/wp-content\/uploads\/2024\/10\/Covjek-koji-nije-mogao-sutjeti_4-1920x1080.png","thumb_hd-width":1920,"thumb_hd-height":1080,"thumb_news":"https:\/\/2024.zff.hr\/wp-content\/uploads\/2024\/10\/Covjek-koji-nije-mogao-sutjeti_4-360x290.png","thumb_news-width":360,"thumb_news-height":290,"thumb_news_featured":"https:\/\/2024.zff.hr\/wp-content\/uploads\/2024\/10\/Covjek-koji-nije-mogao-sutjeti_4-360x620.png","thumb_news_featured-width":360,"thumb_news_featured-height":620,"thumb_movie_reel":"https:\/\/2024.zff.hr\/wp-content\/uploads\/2024\/10\/Covjek-koji-nije-mogao-sutjeti_4-290x380.png","thumb_movie_reel-width":290,"thumb_movie_reel-height":380,"thumb_movie":"https:\/\/2024.zff.hr\/wp-content\/uploads\/2024\/10\/Covjek-koji-nije-mogao-sutjeti_4-960x500.png","thumb_movie-width":960,"thumb_movie-height":500,"thumb_gallery":"https:\/\/2024.zff.hr\/wp-content\/uploads\/2024\/10\/Covjek-koji-nije-mogao-sutjeti_4-220x140.png","thumb_gallery-width":220,"thumb_gallery-height":140,"thumb_sponsor":"https:\/\/2024.zff.hr\/wp-content\/uploads\/2024\/10\/Covjek-koji-nije-mogao-sutjeti_4-160x111.png","thumb_sponsor-width":160,"thumb_sponsor-height":111}},{"ID":42232,"id":42232,"title":"\u010covjek koji nije mogao \u0161utjeti_1","filename":"Covjek-koji-nije-mogao-sutjeti_1.png","filesize":38947883,"url":"https:\/\/2024.zff.hr\/wp-content\/uploads\/2024\/10\/Covjek-koji-nije-mogao-sutjeti_1.png","link":"https:\/\/2024.zff.hr\/en\/movies\/the-man-who-could-not-remain-silent\/covjek-koji-nije-mogao-sutjeti_1-2\/","alt":"","author":"1","description":"","caption":"","name":"covjek-koji-nije-mogao-sutjeti_1-2","status":"inherit","uploaded_to":42235,"date":"2024-10-10 18:44:03","modified":"2024-10-10 18:50:18","menu_order":0,"mime_type":"image\/png","type":"image","subtype":"png","icon":"https:\/\/2024.zff.hr\/wp-includes\/images\/media\/default.png","width":4448,"height":3096,"sizes":{"thumbnail":"https:\/\/2024.zff.hr\/wp-content\/uploads\/2024\/10\/Covjek-koji-nije-mogao-sutjeti_1-150x150.png","thumbnail-width":150,"thumbnail-height":150,"medium":"https:\/\/2024.zff.hr\/wp-content\/uploads\/2024\/10\/Covjek-koji-nije-mogao-sutjeti_1-300x209.png","medium-width":300,"medium-height":209,"medium_large":"https:\/\/2024.zff.hr\/wp-content\/uploads\/2024\/10\/Covjek-koji-nije-mogao-sutjeti_1-768x535.png","medium_large-width":768,"medium_large-height":535,"large":"https:\/\/2024.zff.hr\/wp-content\/uploads\/2024\/10\/Covjek-koji-nije-mogao-sutjeti_1-1024x713.png","large-width":1024,"large-height":713,"1536x1536":"https:\/\/2024.zff.hr\/wp-content\/uploads\/2024\/10\/Covjek-koji-nije-mogao-sutjeti_1-1536x1069.png","1536x1536-width":1536,"1536x1536-height":1069,"2048x2048":"https:\/\/2024.zff.hr\/wp-content\/uploads\/2024\/10\/Covjek-koji-nije-mogao-sutjeti_1-2048x1425.png","2048x2048-width":2048,"2048x2048-height":1425,"post-thumbnail":"https:\/\/2024.zff.hr\/wp-content\/uploads\/2024\/10\/Covjek-koji-nije-mogao-sutjeti_1-510x330.png","post-thumbnail-width":510,"post-thumbnail-height":330,"thumb_full":"https:\/\/2024.zff.hr\/wp-content\/uploads\/2024\/10\/Covjek-koji-nije-mogao-sutjeti_1.png","thumb_full-width":4448,"thumb_full-height":3096,"thumb_hd":"https:\/\/2024.zff.hr\/wp-content\/uploads\/2024\/10\/Covjek-koji-nije-mogao-sutjeti_1-1920x1080.png","thumb_hd-width":1920,"thumb_hd-height":1080,"thumb_news":"https:\/\/2024.zff.hr\/wp-content\/uploads\/2024\/10\/Covjek-koji-nije-mogao-sutjeti_1-360x290.png","thumb_news-width":360,"thumb_news-height":290,"thumb_news_featured":"https:\/\/2024.zff.hr\/wp-content\/uploads\/2024\/10\/Covjek-koji-nije-mogao-sutjeti_1-360x620.png","thumb_news_featured-width":360,"thumb_news_featured-height":620,"thumb_movie_reel":"https:\/\/2024.zff.hr\/wp-content\/uploads\/2024\/10\/Covjek-koji-nije-mogao-sutjeti_1-290x380.png","thumb_movie_reel-width":290,"thumb_movie_reel-height":380,"thumb_movie":"https:\/\/2024.zff.hr\/wp-content\/uploads\/2024\/10\/Covjek-koji-nije-mogao-sutjeti_1-960x500.png","thumb_movie-width":960,"thumb_movie-height":500,"thumb_gallery":"https:\/\/2024.zff.hr\/wp-content\/uploads\/2024\/10\/Covjek-koji-nije-mogao-sutjeti_1-220x140.png","thumb_gallery-width":220,"thumb_gallery-height":140,"thumb_sponsor":"https:\/\/2024.zff.hr\/wp-content\/uploads\/2024\/10\/Covjek-koji-nije-mogao-sutjeti_1-160x111.png","thumb_sponsor-width":160,"thumb_sponsor-height":111}},{"ID":42224,"id":42224,"title":"\u010covjek koji nije mogao \u0161utjeti_3","filename":"Covjek-koji-nije-mogao-sutjeti_3.png","filesize":35377577,"url":"https:\/\/2024.zff.hr\/wp-content\/uploads\/2024\/10\/Covjek-koji-nije-mogao-sutjeti_3.png","link":"https:\/\/2024.zff.hr\/en\/movies\/the-man-who-could-not-remain-silent\/covjek-koji-nije-mogao-sutjeti_3-2\/","alt":"","author":"1","description":"","caption":"","name":"covjek-koji-nije-mogao-sutjeti_3-2","status":"inherit","uploaded_to":42235,"date":"2024-10-10 18:42:39","modified":"2024-10-10 18:50:18","menu_order":0,"mime_type":"image\/png","type":"image","subtype":"png","icon":"https:\/\/2024.zff.hr\/wp-includes\/images\/media\/default.png","width":4448,"height":3096,"sizes":{"thumbnail":"https:\/\/2024.zff.hr\/wp-content\/uploads\/2024\/10\/Covjek-koji-nije-mogao-sutjeti_3-150x150.png","thumbnail-width":150,"thumbnail-height":150,"medium":"https:\/\/2024.zff.hr\/wp-content\/uploads\/2024\/10\/Covjek-koji-nije-mogao-sutjeti_3-300x209.png","medium-width":300,"medium-height":209,"medium_large":"https:\/\/2024.zff.hr\/wp-content\/uploads\/2024\/10\/Covjek-koji-nije-mogao-sutjeti_3-768x535.png","medium_large-width":768,"medium_large-height":535,"large":"https:\/\/2024.zff.hr\/wp-content\/uploads\/2024\/10\/Covjek-koji-nije-mogao-sutjeti_3-1024x713.png","large-width":1024,"large-height":713,"1536x1536":"https:\/\/2024.zff.hr\/wp-content\/uploads\/2024\/10\/Covjek-koji-nije-mogao-sutjeti_3-1536x1069.png","1536x1536-width":1536,"1536x1536-height":1069,"2048x2048":"https:\/\/2024.zff.hr\/wp-content\/uploads\/2024\/10\/Covjek-koji-nije-mogao-sutjeti_3-2048x1425.png","2048x2048-width":2048,"2048x2048-height":1425,"post-thumbnail":"https:\/\/2024.zff.hr\/wp-content\/uploads\/2024\/10\/Covjek-koji-nije-mogao-sutjeti_3-510x330.png","post-thumbnail-width":510,"post-thumbnail-height":330,"thumb_full":"https:\/\/2024.zff.hr\/wp-content\/uploads\/2024\/10\/Covjek-koji-nije-mogao-sutjeti_3.png","thumb_full-width":4448,"thumb_full-height":3096,"thumb_hd":"https:\/\/2024.zff.hr\/wp-content\/uploads\/2024\/10\/Covjek-koji-nije-mogao-sutjeti_3-1920x1080.png","thumb_hd-width":1920,"thumb_hd-height":1080,"thumb_news":"https:\/\/2024.zff.hr\/wp-content\/uploads\/2024\/10\/Covjek-koji-nije-mogao-sutjeti_3-360x290.png","thumb_news-width":360,"thumb_news-height":290,"thumb_news_featured":"https:\/\/2024.zff.hr\/wp-content\/uploads\/2024\/10\/Covjek-koji-nije-mogao-sutjeti_3-360x620.png","thumb_news_featured-width":360,"thumb_news_featured-height":620,"thumb_movie_reel":"https:\/\/2024.zff.hr\/wp-content\/uploads\/2024\/10\/Covjek-koji-nije-mogao-sutjeti_3-290x380.png","thumb_movie_reel-width":290,"thumb_movie_reel-height":380,"thumb_movie":"https:\/\/2024.zff.hr\/wp-content\/uploads\/2024\/10\/Covjek-koji-nije-mogao-sutjeti_3-960x500.png","thumb_movie-width":960,"thumb_movie-height":500,"thumb_gallery":"https:\/\/2024.zff.hr\/wp-content\/uploads\/2024\/10\/Covjek-koji-nije-mogao-sutjeti_3-220x140.png","thumb_gallery-width":220,"thumb_gallery-height":140,"thumb_sponsor":"https:\/\/2024.zff.hr\/wp-content\/uploads\/2024\/10\/Covjek-koji-nije-mogao-sutjeti_3-160x111.png","thumb_sponsor-width":160,"thumb_sponsor-height":111}},{"ID":42222,"id":42222,"title":"\u010covjek koji nije mogao \u0161utjeti_2","filename":"Covjek-koji-nije-mogao-sutjeti_2.png","filesize":35025535,"url":"https:\/\/2024.zff.hr\/wp-content\/uploads\/2024\/10\/Covjek-koji-nije-mogao-sutjeti_2.png","link":"https:\/\/2024.zff.hr\/en\/movies\/the-man-who-could-not-remain-silent\/covjek-koji-nije-mogao-sutjeti_2-2\/","alt":"","author":"1","description":"","caption":"","name":"covjek-koji-nije-mogao-sutjeti_2-2","status":"inherit","uploaded_to":42235,"date":"2024-10-10 18:42:19","modified":"2024-10-10 18:50:18","menu_order":0,"mime_type":"image\/png","type":"image","subtype":"png","icon":"https:\/\/2024.zff.hr\/wp-includes\/images\/media\/default.png","width":4448,"height":3096,"sizes":{"thumbnail":"https:\/\/2024.zff.hr\/wp-content\/uploads\/2024\/10\/Covjek-koji-nije-mogao-sutjeti_2-150x150.png","thumbnail-width":150,"thumbnail-height":150,"medium":"https:\/\/2024.zff.hr\/wp-content\/uploads\/2024\/10\/Covjek-koji-nije-mogao-sutjeti_2-300x209.png","medium-width":300,"medium-height":209,"medium_large":"https:\/\/2024.zff.hr\/wp-content\/uploads\/2024\/10\/Covjek-koji-nije-mogao-sutjeti_2-768x535.png","medium_large-width":768,"medium_large-height":535,"large":"https:\/\/2024.zff.hr\/wp-content\/uploads\/2024\/10\/Covjek-koji-nije-mogao-sutjeti_2-1024x713.png","large-width":1024,"large-height":713,"1536x1536":"https:\/\/2024.zff.hr\/wp-content\/uploads\/2024\/10\/Covjek-koji-nije-mogao-sutjeti_2-1536x1069.png","1536x1536-width":1536,"1536x1536-height":1069,"2048x2048":"https:\/\/2024.zff.hr\/wp-content\/uploads\/2024\/10\/Covjek-koji-nije-mogao-sutjeti_2-2048x1425.png","2048x2048-width":2048,"2048x2048-height":1425,"post-thumbnail":"https:\/\/2024.zff.hr\/wp-content\/uploads\/2024\/10\/Covjek-koji-nije-mogao-sutjeti_2-510x330.png","post-thumbnail-width":510,"post-thumbnail-height":330,"thumb_full":"https:\/\/2024.zff.hr\/wp-content\/uploads\/2024\/10\/Covjek-koji-nije-mogao-sutjeti_2.png","thumb_full-width":4448,"thumb_full-height":3096,"thumb_hd":"https:\/\/2024.zff.hr\/wp-content\/uploads\/2024\/10\/Covjek-koji-nije-mogao-sutjeti_2-1920x1080.png","thumb_hd-width":1920,"thumb_hd-height":1080,"thumb_news":"https:\/\/2024.zff.hr\/wp-content\/uploads\/2024\/10\/Covjek-koji-nije-mogao-sutjeti_2-360x290.png","thumb_news-width":360,"thumb_news-height":290,"thumb_news_featured":"https:\/\/2024.zff.hr\/wp-content\/uploads\/2024\/10\/Covjek-koji-nije-mogao-sutjeti_2-360x620.png","thumb_news_featured-width":360,"thumb_news_featured-height":620,"thumb_movie_reel":"https:\/\/2024.zff.hr\/wp-content\/uploads\/2024\/10\/Covjek-koji-nije-mogao-sutjeti_2-290x380.png","thumb_movie_reel-width":290,"thumb_movie_reel-height":380,"thumb_movie":"https:\/\/2024.zff.hr\/wp-content\/uploads\/2024\/10\/Covjek-koji-nije-mogao-sutjeti_2-960x500.png","thumb_movie-width":960,"thumb_movie-height":500,"thumb_gallery":"https:\/\/2024.zff.hr\/wp-content\/uploads\/2024\/10\/Covjek-koji-nije-mogao-sutjeti_2-220x140.png","thumb_gallery-width":220,"thumb_gallery-height":140,"thumb_sponsor":"https:\/\/2024.zff.hr\/wp-content\/uploads\/2024\/10\/Covjek-koji-nije-mogao-sutjeti_2-160x111.png","thumb_sponsor-width":160,"thumb_sponsor-height":111}}]},"_links":{"self":[{"href":"https:\/\/2024.zff.hr\/en\/wp-json\/wp\/v2\/movies\/42235"}],"collection":[{"href":"https:\/\/2024.zff.hr\/en\/wp-json\/wp\/v2\/movies"}],"about":[{"href":"https:\/\/2024.zff.hr\/en\/wp-json\/wp\/v2\/types\/movies"}],"author":[{"embeddable":true,"href":"https:\/\/2024.zff.hr\/en\/wp-json\/wp\/v2\/users\/1"}],"wp:featuredmedia":[{"embeddable":true,"href":"https:\/\/2024.zff.hr\/en\/wp-json\/wp\/v2\/media\/42230"}],"wp:attachment":[{"href":"https:\/\/2024.zff.hr\/en\/wp-json\/wp\/v2\/media?parent=42235"}],"wp:term":[{"taxonomy":"programme","embeddable":true,"href":"https:\/\/2024.zff.hr\/en\/wp-json\/wp\/v2\/programme?post=42235"}],"curies":[{"name":"wp","href":"https:\/\/api.w.org\/{rel}","templated":true}]}}