{"id":26689,"date":"2021-11-02T22:37:29","date_gmt":"2021-11-02T21:37:29","guid":{"rendered":"https:\/\/zff.hr\/?page_id=26689"},"modified":"2021-11-11T15:23:49","modified_gmt":"2021-11-11T14:23:49","slug":"panel-spotlight-italy","status":"publish","type":"page","link":"https:\/\/2024.zff.hr\/en\/industry\/panel-spotlight-italy\/","title":{"rendered":"Panel: Spotlight Italy"},"content":{"rendered":"","protected":false},"excerpt":{"rendered":"","protected":false},"author":1,"featured_media":2971,"parent":756,"menu_order":0,"comment_status":"closed","ping_status":"closed","template":"","meta":{"_acf_changed":false,"footnotes":""},"class_list":["post-26689","page","type-page","status-publish","has-post-thumbnail","hentry"],"acf":[],"aioseo_notices":[],"acf_fields":{"page_builder":true,"content":"<p><strong>otvoreno za javnost<\/strong><br \/>\n<strong>15\/11 | UTORAK | 16:00 | HUB385<\/strong><br \/>\n<strong>Petra\u010di\u0107eva ulica 4<\/strong><\/p>\n<p>Ljudi koji proizvode filmove i ljudi koji proizvode <strong>videoigre<\/strong> su bra\u0107a po &#8220;oru\u017eju&#8221;. U svojim po\u010decima film je do\u017eivio isti tretman kao i videoigre. Promatran je kao sajamska atrakcija za djecu. Nije trebalo dugo da se shvati \u0161to film stvarno jest i koliki je njegov potencijal. Danas svijet vidi i po\u010dinje shva\u0107ati <strong>potencijal videoigara<\/strong>. Vrijeme je da se i u Hrvatskoj prepozna potencijal <strong>najbr\u017ee rastu\u0107e grane<\/strong> audiovizualne industrije, te da filma\u0161i i <em>game developeri<\/em> po\u010dnu aktivno i sustavno sura\u0111ivati. (<strong>Antonio Nui\u0107<\/strong>)<\/p>\n<p><span style=\"text-decoration: underline;\"><strong>Sudionici:<\/strong><\/span><\/p>\n<p><strong><img loading=\"lazy\" decoding=\"async\" class=\"alignnone wp-image-2241\" src=\"http:\/\/2024.zff.hr\/wp-content\/uploads\/2016\/10\/Nuic-1.jpg\" alt=\"nuic\" width=\"207\" height=\"196\" \/>Antonio Nui\u0107<\/strong> ro\u0111en je u Sarajevu, 1977. godine. Magistrirao je re\u017eiju na Akademiji dramske umjetnosti u Zagrebu gdje u posljednjih pet godina predaje na nekoliko kolegija. Za filmove koje re\u017eira pi\u0161e i scenarije. Umjetni\u010dki je savjetnik Zagreb Fim Festivala i \u010dlan Upravnog odbora Dru\u0161tva hrvatskih filmskih redatelja.<\/p>\n<p><strong><img loading=\"lazy\" decoding=\"async\" class=\"alignnone wp-image-2235\" src=\"http:\/\/2024.zff.hr\/wp-content\/uploads\/2016\/10\/Andrej-Kova\u010devi\u0107.jpg\" alt=\"andrej-kovacevic\" width=\"222\" height=\"204\" \/>Andrej Kovac\u030cevic\u0301, <em>Bear With Me<\/em> (Exordium Games)<\/strong><br \/>\nAndrej Kova\u010devi\u0107 \u010dlan je Exordium Games studija za izradu igara. Naslovi koji su trenutno u izradi su: <em>Bear With Me<\/em>, <em>Zero Reflex<\/em>, <em>Agenda<\/em>, <em>Nephil\u2019s Fall<\/em> i <em>Last Encounter<\/em>, od kojih je <em>Bear with me<\/em> naslov koji je pobijedio u kategoriji Najbolje indie igre na Reboot Infogameru 2014., te je nominiran u kategoriji Najbolje narativne igrice na doga\u0111aju Causal Connect Amsterdam 2016. Andrej Kova\u010devi\u0107 jo\u0161 pi\u0161e i za \u010dasopis Reboot, predaje na Machina Game Akademiji te je osniva\u010d Indiefferent studija.<\/p>\n<p><strong><img loading=\"lazy\" decoding=\"async\" class=\"alignnone wp-image-2244\" src=\"http:\/\/2024.zff.hr\/wp-content\/uploads\/2016\/10\/Davor-Hunski-slika-1.jpg\" alt=\"davor-hunski-slika-1\" width=\"228\" height=\"152\" \/>Davor Hunski, <em>The Talos Principle<\/em> (Croteam)<br \/>\n<\/strong>Davor Hunski jedan je od osniva\u010da legendarnog zagreba\u010dkog <em>game development<\/em> studija Croteam, tvoraca svjetski poznatih i priznatih naslova <em>Serious Sam<\/em> i <em>The Talos Principle<\/em>. Davor zauzima poziciju glavnog <em>game designera<\/em> u studiju, ali radio je na mnogim aspektima produkcije, poput marketinga, specijalnih efekata, <em>level<\/em> i <em>sound designa<\/em> te programiranja.<\/p>\n<p><strong>Mr. Tid Cooney, Raid &#8211; World War II (Lion Game Lion)<\/strong><\/p>\n<p><img loading=\"lazy\" decoding=\"async\" class=\"alignnone wp-image-2227\" src=\"http:\/\/2024.zff.hr\/wp-content\/uploads\/2016\/10\/HUB385-1.jpg\" alt=\"hub385-1\" width=\"493\" height=\"286\" \/><\/p>\n","blocks":[{"acf_fc_layout":"header","id":"","image":2971,"video":false,"loop_video":false,"breadcrumbs":true,"lead":"<h1>Panel: Spotlight Italy<\/h1>\n","speed":"1","overlay":""},{"acf_fc_layout":"section","id":"","title":"","subtitle":"","lead":"<p style=\"text-align: center;\"><b>17\/11 | WEDNESDAY | 17:00 | Talijanski institut za kulturu<br \/>\n<\/b><b>\u00a0language: Italian, Croatian<br \/>\n<\/b><b>simultaneous interpretation<br \/>\n<\/b><b>open to the public<\/b><\/p>\n<p style=\"text-align: center;\"><strong>A valid EU digital COVID pass or a valid negative test (PCR up to 72 hours, lateral flow up to 48 hours) required for entry.<br \/>\n<\/strong><\/p>\n<p>&nbsp;<\/p>\n<p><span style=\"font-weight: 400;\">The Italian Trade Agency in Zagreb, in cooperation with the Italian Embassy in Croatia, the Italian Cultural Institute and the ZFF Industry, is organizing a panel entitled <\/span><b>Spotlight Italy<\/b><span style=\"font-weight: 400;\">, in which experts from the Italian film industry will present the audiovisual system and extremely valuable minority co-production schemes, as well as the co-production forum <\/span><b>When East Meets West<\/b><span style=\"font-weight: 400;\"> and the co-development funding scheme and workshops <\/span><b>RE-ACT<\/b><span style=\"font-weight: 400;\">, in order to strengthen the collaboration and the existing links between the respective Italian and Croatian audiovisual industries.<\/span><\/p>\n","custom_css_toggle":false,"custom_css":"","content":false},{"acf_fc_layout":"section","id":"","title":"","subtitle":"","lead":"","custom_css_toggle":false,"custom_css":"","content":[{"acf_fc_layout":"grid","columns":false},{"acf_fc_layout":"grid","columns":[{"number":"","title":"Maria Giuseppina Troccoli","description":"<p><a href=\"https:\/\/2024.zff.hr\/wp-content\/uploads\/2021\/11\/Maria_Giuseppina_Troccoli_foto.jpg\"><img loading=\"lazy\" decoding=\"async\" class=\"alignnone size-medium wp-image-29771\" src=\"https:\/\/2024.zff.hr\/wp-content\/uploads\/2021\/11\/Maria_Giuseppina_Troccoli_foto-217x300.jpg\" alt=\"\" width=\"217\" height=\"300\" srcset=\"https:\/\/2024.zff.hr\/wp-content\/uploads\/2021\/11\/Maria_Giuseppina_Troccoli_foto-217x300.jpg 217w, https:\/\/2024.zff.hr\/wp-content\/uploads\/2021\/11\/Maria_Giuseppina_Troccoli_foto-116x160.jpg 116w, https:\/\/2024.zff.hr\/wp-content\/uploads\/2021\/11\/Maria_Giuseppina_Troccoli_foto.jpg 427w\" sizes=\"(max-width: 217px) 100vw, 217px\" \/><\/a><\/p>\n<p><span style=\"font-weight: 400;\">Head of the Cinema and Audiovisual Department of the Italian Ministry of Culture. She has carried out the activities related to the implementation of the new state aid supports, namely, selective schemes for production of film and audiovisual works, fiscal incentives, distribution and exhibitions. She is a member of the evaluation committee of all the existing bilateral co-development funds and the Italian representative on the IBERMEDIA Board. Her international activities include collaboration on creating and renewing co-production agreements.<\/span><\/p>\n"},{"number":"","title":"Roberto Stabile","description":"<p><span style=\"font-weight: 400;\"><a href=\"https:\/\/2024.zff.hr\/wp-content\/uploads\/2021\/11\/Roberto-Stabile.jpg\"><img loading=\"lazy\" decoding=\"async\" class=\"alignnone size-medium wp-image-29773\" src=\"https:\/\/2024.zff.hr\/wp-content\/uploads\/2021\/11\/Roberto-Stabile-238x300.jpg\" alt=\"\" width=\"238\" height=\"300\" \/><\/a><\/span><\/p>\n<p><span style=\"font-weight: 400;\">Head of the ANICA International Department &amp; ITA Audiovisual Desks Coordinator. He has set up a network of information and representative desks in the major world markets for international audiovisual industry relations with Italy and has improved the relationships with international institutions. He is the coordinator of the China project, together with ITA and DGCA MiC, with the aim of promoting dialogue and cooperation between the Chinese and Italian film industries. <\/span><\/p>\n"},{"number":"","title":"Alessandro Gropplero","description":"<p><a href=\"https:\/\/2024.zff.hr\/wp-content\/uploads\/2021\/11\/alessandro-gropplero-2021.jpg\"><img loading=\"lazy\" decoding=\"async\" class=\"alignnone size-medium wp-image-29722\" src=\"https:\/\/2024.zff.hr\/wp-content\/uploads\/2021\/11\/alessandro-gropplero-2021-225x300.jpg\" alt=\"\" width=\"225\" height=\"300\" srcset=\"https:\/\/2024.zff.hr\/wp-content\/uploads\/2021\/11\/alessandro-gropplero-2021-225x300.jpg 225w, https:\/\/2024.zff.hr\/wp-content\/uploads\/2021\/11\/alessandro-gropplero-2021.jpg 768w, https:\/\/2024.zff.hr\/wp-content\/uploads\/2021\/11\/alessandro-gropplero-2021-120x160.jpg 120w\" sizes=\"(max-width: 225px) 100vw, 225px\" \/><br \/>\n<\/a><br \/>\n<span style=\"font-weight: 400;\">Head of international relations of the FVG Audiovisual Fund since 2007. In this capacity, he has planned the international strategy of the fund and managed a variety of initiatives, such as When East Meets West Co-Production Forum, Ties That Bind Asia Europe Producers Workshop and RE-ACT Co-development Funding Scheme. He is an EAVE graduate, Italian national coordinator and board member of Eurodoc, member of the EFA and a member of the programming team of the Venice International Film Critics\u2019 Week.<\/span><\/p>\n"},{"number":"","title":"Chris Marcich","description":"<p style=\"text-align: justify;\"><a href=\"https:\/\/2024.zff.hr\/wp-content\/uploads\/2020\/11\/Chris-Marcich-1-1.jpg\"><img loading=\"lazy\" decoding=\"async\" class=\"alignnone wp-image-26853\" src=\"https:\/\/2024.zff.hr\/wp-content\/uploads\/2020\/11\/Chris-Marcich-1-1-300x272.jpg\" alt=\"\" width=\"329\" height=\"298\" srcset=\"https:\/\/2024.zff.hr\/wp-content\/uploads\/2020\/11\/Chris-Marcich-1-1-300x272.jpg 300w, https:\/\/2024.zff.hr\/wp-content\/uploads\/2020\/11\/Chris-Marcich-1-1-160x145.jpg 160w, https:\/\/2024.zff.hr\/wp-content\/uploads\/2020\/11\/Chris-Marcich-1-1.jpg 659w\" sizes=\"(max-width: 329px) 100vw, 329px\" \/><\/a><\/p>\n<p><span style=\"font-weight: 400;\">Chris spent 16 years working for the government of the United States. There, he worked as a negotiator on international trade issues and helped shape the U. S. trade policy. He was the Assistant U. S. Trade Representative for Europe, responsible for trade relations within the region. From 1995 until 2016, he served as president and international business coordinator for the Motion Picture Association (MPA). Since 2013, he has been President of the Executive Board of AGICOA, the association of audiovisual producers and their collective rights management groups. In 2019, he was appointed as the CEO of the Croatian Audiovisual Centre (HAVC).<\/span><\/p>\n"},{"number":"","title":"Ines Vasiljevi\u0107","description":"<p><a href=\"https:\/\/2024.zff.hr\/wp-content\/uploads\/2021\/11\/ines-vasiljevic.jpg\"><img loading=\"lazy\" decoding=\"async\" class=\"alignnone size-medium wp-image-29726\" src=\"https:\/\/2024.zff.hr\/wp-content\/uploads\/2021\/11\/ines-vasiljevic-300x300.jpg\" alt=\"\" width=\"300\" height=\"300\" srcset=\"https:\/\/2024.zff.hr\/wp-content\/uploads\/2021\/11\/ines-vasiljevic-300x300.jpg 300w, https:\/\/2024.zff.hr\/wp-content\/uploads\/2021\/11\/ines-vasiljevic-150x150.jpg 150w, https:\/\/2024.zff.hr\/wp-content\/uploads\/2021\/11\/ines-vasiljevic-768x768.jpg 768w, https:\/\/2024.zff.hr\/wp-content\/uploads\/2021\/11\/ines-vasiljevic-160x160.jpg 160w, https:\/\/2024.zff.hr\/wp-content\/uploads\/2021\/11\/ines-vasiljevic.jpg 830w\" sizes=\"(max-width: 300px) 100vw, 300px\" \/><\/a><\/p>\n<p><span style=\"font-weight: 400;\">Graduated in Fine Arts, Music and Drama from the University of Turin and in Production from Centro Sperimentale di Cinematografia, where she now teaches film production. She has worked for the Oscar-winning Indigo Film and Groenlandia Group, among others. Ines co-founded the Nightswim production company. Her filmography includes the titles <\/span><i><span style=\"font-weight: 400;\">LikeMeBack<\/span><\/i><span style=\"font-weight: 400;\"> (2018, Locarno FF), <\/span><i><span style=\"font-weight: 400;\">Una Relazione<\/span><\/i><span style=\"font-weight: 400;\"> (2021, Venice Days), <\/span><i><span style=\"font-weight: 400;\">La ragazza ha volato<\/span><\/i><span style=\"font-weight: 400;\">( 2021, Venice IFF, Orizzonti Extra). She is a member of the EFA.<\/span><\/p>\n"},{"number":"","title":"Vanja Jambrovi\u0107","description":"<p><a href=\"https:\/\/2024.zff.hr\/wp-content\/uploads\/2021\/11\/vanja-jambrovic.jpg\"><img loading=\"lazy\" decoding=\"async\" class=\"alignnone size-medium wp-image-29724\" src=\"https:\/\/2024.zff.hr\/wp-content\/uploads\/2021\/11\/vanja-jambrovic-225x300.jpg\" alt=\"\" width=\"225\" height=\"300\" srcset=\"https:\/\/2024.zff.hr\/wp-content\/uploads\/2021\/11\/vanja-jambrovic-225x300.jpg 225w, https:\/\/2024.zff.hr\/wp-content\/uploads\/2021\/11\/vanja-jambrovic-120x160.jpg 120w, https:\/\/2024.zff.hr\/wp-content\/uploads\/2021\/11\/vanja-jambrovic.jpg 468w\" sizes=\"(max-width: 225px) 100vw, 225px\" \/><br \/>\n<\/a><br \/>\n<span style=\"font-weight: 400;\">She graduated in comparative literature and philosophy at the Faculty of Humanities in Zagreb and in production at the Academy of Dramatic Art, where she now teaches. She works as a film producer at Restart. Her films have screened at Hot Docs, IDFA, DokLeipzig, FidMarseille, etc. She produced Neboj\u0161a Slijep\u010devi\u0107\u2019s film <\/span><i><span style=\"font-weight: 400;\">Srbenka<\/span><\/i><span style=\"font-weight: 400;\"> (2018), which was included in the 15 best documentaries selected by EFA and won the Doc Alliance Award. She has participated in workshops RE-ACT, EAVE, Producers on the Move, Emerging Producers and Eurodoc.<\/span><\/p>\n"}]},{"acf_fc_layout":"grid","columns":[{"number":"moderator","title":"Tina Hajon","description":"<p><a href=\"https:\/\/2024.zff.hr\/wp-content\/uploads\/2021\/11\/Tina-Hajon.jpg\"><img loading=\"lazy\" decoding=\"async\" class=\"alignnone size-medium wp-image-29720\" src=\"https:\/\/2024.zff.hr\/wp-content\/uploads\/2021\/11\/Tina-Hajon-300x200.jpg\" alt=\"\" width=\"300\" height=\"200\" \/><\/a><\/p>\n<p>She holds a master\u2019s degree in AV production from Roma Tre University and has completed professional training programs EAVE and CICAE. She was a board member of Europa Cinemas. She headed the strategic national program of the Ministry of Culture and the Croatian Audiovisual Centre, for the digitization of Croatian independent exhibitors, which served as the basis for establishing the Croatian Independent Cinemas Network. For the last 15 years, she has held leading positions in the organization of the Sarajevo FF. She is the creative producer of Italian-Croatian film <i>The Lions of Lissa<\/i> by Nicol\u00f2 Bongiorno.<\/p>\n"}]}]},{"acf_fc_layout":"section","id":"","title":"","subtitle":"","lead":"<p><a href=\"https:\/\/2024.zff.hr\/wp-content\/uploads\/2021\/11\/Veleposlanstvo-Italije_LOGO-18.28.07.jpg\"><img loading=\"lazy\" decoding=\"async\" class=\"alignnone wp-image-30071\" src=\"https:\/\/2024.zff.hr\/wp-content\/uploads\/2021\/11\/Veleposlanstvo-Italije_LOGO-18.28.07-300x199.jpg\" alt=\"\" width=\"218\" height=\"145\" srcset=\"https:\/\/2024.zff.hr\/wp-content\/uploads\/2021\/11\/Veleposlanstvo-Italije_LOGO-18.28.07-300x199.jpg 300w, https:\/\/2024.zff.hr\/wp-content\/uploads\/2021\/11\/Veleposlanstvo-Italije_LOGO-18.28.07-160x106.jpg 160w, https:\/\/2024.zff.hr\/wp-content\/uploads\/2021\/11\/Veleposlanstvo-Italije_LOGO-18.28.07.jpg 736w\" sizes=\"(max-width: 218px) 100vw, 218px\" \/><\/a><a href=\"https:\/\/2024.zff.hr\/wp-content\/uploads\/2021\/11\/ita-italian-trade-agency-vector-logo.png\"><img loading=\"lazy\" decoding=\"async\" class=\"alignnone wp-image-29736\" src=\"https:\/\/2024.zff.hr\/wp-content\/uploads\/2021\/11\/ita-italian-trade-agency-vector-logo-300x167.png\" alt=\"\" width=\"259\" height=\"144\" srcset=\"https:\/\/2024.zff.hr\/wp-content\/uploads\/2021\/11\/ita-italian-trade-agency-vector-logo-300x167.png 300w, https:\/\/2024.zff.hr\/wp-content\/uploads\/2021\/11\/ita-italian-trade-agency-vector-logo-768x427.png 768w, https:\/\/2024.zff.hr\/wp-content\/uploads\/2021\/11\/ita-italian-trade-agency-vector-logo.png 900w, https:\/\/2024.zff.hr\/wp-content\/uploads\/2021\/11\/ita-italian-trade-agency-vector-logo-160x89.png 160w\" sizes=\"(max-width: 259px) 100vw, 259px\" \/><\/a><a href=\"https:\/\/2024.zff.hr\/wp-content\/uploads\/2021\/11\/IIC-vector-zagabria.jpg\"><img loading=\"lazy\" decoding=\"async\" class=\"alignnone wp-image-29734\" src=\"https:\/\/2024.zff.hr\/wp-content\/uploads\/2021\/11\/IIC-vector-zagabria-300x200.jpg\" alt=\"\" width=\"216\" height=\"144\" srcset=\"https:\/\/2024.zff.hr\/wp-content\/uploads\/2021\/11\/IIC-vector-zagabria-300x200.jpg 300w, https:\/\/2024.zff.hr\/wp-content\/uploads\/2021\/11\/IIC-vector-zagabria-768x512.jpg 768w, https:\/\/2024.zff.hr\/wp-content\/uploads\/2021\/11\/IIC-vector-zagabria-160x107.jpg 160w, https:\/\/2024.zff.hr\/wp-content\/uploads\/2021\/11\/IIC-vector-zagabria.jpg 885w\" sizes=\"(max-width: 216px) 100vw, 216px\" \/><\/a><\/p>\n","custom_css_toggle":false,"custom_css":"","content":false}]},"_links":{"self":[{"href":"https:\/\/2024.zff.hr\/en\/wp-json\/wp\/v2\/pages\/26689"}],"collection":[{"href":"https:\/\/2024.zff.hr\/en\/wp-json\/wp\/v2\/pages"}],"about":[{"href":"https:\/\/2024.zff.hr\/en\/wp-json\/wp\/v2\/types\/page"}],"author":[{"embeddable":true,"href":"https:\/\/2024.zff.hr\/en\/wp-json\/wp\/v2\/users\/1"}],"replies":[{"embeddable":true,"href":"https:\/\/2024.zff.hr\/en\/wp-json\/wp\/v2\/comments?post=26689"}],"version-history":[{"count":2,"href":"https:\/\/2024.zff.hr\/en\/wp-json\/wp\/v2\/pages\/26689\/revisions"}],"predecessor-version":[{"id":30070,"href":"https:\/\/2024.zff.hr\/en\/wp-json\/wp\/v2\/pages\/26689\/revisions\/30070"}],"up":[{"embeddable":true,"href":"https:\/\/2024.zff.hr\/en\/wp-json\/wp\/v2\/pages\/756"}],"wp:featuredmedia":[{"embeddable":true,"href":"https:\/\/2024.zff.hr\/en\/wp-json\/wp\/v2\/media\/2971"}],"wp:attachment":[{"href":"https:\/\/2024.zff.hr\/en\/wp-json\/wp\/v2\/media?parent=26689"}],"curies":[{"name":"wp","href":"https:\/\/api.w.org\/{rel}","templated":true}]}}